{"id":23290,"date":"2020-05-31T12:00:14","date_gmt":"2020-05-31T09:00:14","guid":{"rendered":"https:\/\/gocekrentals.com\/?post_type=property&#038;p=23290"},"modified":"2024-08-01T16:24:27","modified_gmt":"2024-08-01T13:24:27","slug":"rental-villa-in-gocek-perfect-sea-view","status":"publish","type":"property","link":"https:\/\/gocekrentals.com\/tr\/property\/gocek-kiralik-villa-deniz-manzarasi\/","title":{"rendered":"G\u00f6cek Kiral\u0131k M\u00fcstakil Villa - Deniz Manzaras\u0131"},"content":{"rendered":"<h2 class=\"wp-block-heading\">G\u00f6cek'te Muhte\u015fem Deniz Manzaral\u0131, M\u00fcstakil Villa Hayat\u0131n\u0131za Huzur Katacak.<\/h2>\n\n\n\n<p class=\" translation-block\">Hayat\u0131n ko\u015fu\u015fturmacas\u0131ndan ka\u00e7\u0131p, Akdeniz'in b\u00fcy\u00fcleyici sular\u0131nda kendinizi \u015f\u0131martmak m\u0131 istiyoryorsunuz? G\u00f6cek'te, panoramik deniz manzaras\u0131n\u0131n ve huzur dolu atmosferin sizi kucaklad\u0131\u011f\u0131 \u00f6zel bir villa sizi bekliyor! \u0130ster yazl\u0131k konforu, ister y\u0131l boyunca s\u00fcrecek bir ya\u015fam aray\u0131n, bu <strong>m\u00fcstakil villa<\/strong> her ihtiyac\u0131n\u0131za cevap verecek.<\/p>\n\n\n\n<h3 class=\"wp-block-heading\"><strong>Unutulmaz Bir Manzara, \u00d6zel Bir S\u0131\u011f\u0131nak:<\/strong><\/h3>\n\n\n\n<ul class=\"wp-block-list\">\n<li class=\" translation-block\"><strong>Size ait bir cennet:<\/strong> Bu m\u00fcstakil villa, G\u00f6cek'in yama\u00e7 taraf\u0131nda, \u015fehrin kalabal\u0131\u011f\u0131ndan uzakta \u00f6zel bir alan sunuyor. Sevdiklerinizle, tamamen mahremiyet i\u00e7inde rahatlay\u0131n ve hayat\u0131n stresini geride b\u0131rak\u0131n.<\/li>\n\n\n\n<li class=\" translation-block\"><strong>Nefes kesen manzara:<\/strong> Geni\u015f teras\u0131n\u0131za ad\u0131m att\u0131\u011f\u0131n\u0131zda, turkuaz denizin sonsuzlu\u011funa dal\u0131n. Ufuklara kadar uzanan manzarada, g\u00fcne\u015fin do\u011fu\u015fu ve bat\u0131\u015f\u0131 sizi her g\u00fcn b\u00fcy\u00fcleyecek.<\/li>\n<\/ul>\n\n\n\n<figure class=\"wp-block-image size-large\"><img fetchpriority=\"high\" decoding=\"async\" width=\"1024\" height=\"768\" src=\"https:\/\/gocekrentals.com\/wp-content\/uploads\/2023\/12\/Seaview-2-1024x768.webp\" alt=\"Deniz Manzaras\u0131\" class=\"wp-image-23321\" srcset=\"https:\/\/gocekrentals.com\/wp-content\/uploads\/2023\/12\/Seaview-2-1024x768.webp 1024w, https:\/\/gocekrentals.com\/wp-content\/uploads\/2023\/12\/Seaview-2-300x225.webp 300w, https:\/\/gocekrentals.com\/wp-content\/uploads\/2023\/12\/Seaview-2-768x576.webp 768w, https:\/\/gocekrentals.com\/wp-content\/uploads\/2023\/12\/Seaview-2-16x12.webp 16w, https:\/\/gocekrentals.com\/wp-content\/uploads\/2023\/12\/Seaview-2-592x444.webp 592w, https:\/\/gocekrentals.com\/wp-content\/uploads\/2023\/12\/Seaview-2-584x438.webp 584w, https:\/\/gocekrentals.com\/wp-content\/uploads\/2023\/12\/Seaview-2-800x600.webp 800w, https:\/\/gocekrentals.com\/wp-content\/uploads\/2023\/12\/Seaview-2-120x90.webp 120w, https:\/\/gocekrentals.com\/wp-content\/uploads\/2023\/12\/Seaview-2-496x372.webp 496w, https:\/\/gocekrentals.com\/wp-content\/uploads\/2023\/12\/Seaview-2.jpg 1440w\" sizes=\"(max-width: 1024px) 100vw, 1024px\" \/><\/figure>\n\n\n\n<h3 class=\"wp-block-heading\"><strong>Ferah Ya\u015fam Alanlar\u0131<\/strong><\/h3>\n\n\n\n<ul class=\"wp-block-list\">\n<li class=\" translation-block\"><strong>Herkes i\u00e7in rahatl\u0131k: 6 yatak odas\u0131, 6 banyo<\/strong> kalabal\u0131k aileler ya da arkada\u015f gruplar\u0131 i\u00e7in idealdir! Herkese kendi \u00f6zel alan\u0131n\u0131 sunan bu villada, unutulmaz an\u0131lar biriktirmeniz i\u00e7in her \u015fey haz\u0131r.<\/li>\n\n\n\n<li class=\" translation-block\"><strong>Giri\u015f Kat\u0131<\/strong>: Zemin katta, <strong>\u015f\u00f6mineli<\/strong> geni\u015f bir oturma odas\u0131, gurme lezzetler yaratabilece\u011finiz tam donan\u0131ml\u0131 bir mutfak, misafirler i\u00e7in banyo ve hem terasta hem de balkonda keyif yapabilece\u011finiz alanlar sizi bekliyor.<\/li>\n\n\n\n<li><strong>Birinci Kat:<\/strong>&nbsp;Birinci katta \u00fc\u00e7 yatak odas\u0131 bulunmaktad\u0131r, ikisi \u00f6zel balkonludur, b\u00f6ylece deniz manzaras\u0131n\u0131n ve hafif esintinin tad\u0131n\u0131 \u00e7\u0131karabilirsiniz. Bu yatak odalar\u0131ndan birinde konfor ve mahremiyet i\u00e7in \u00f6zel banyo bile bulunmaktad\u0131r.<\/li>\n\n\n\n<li class=\" translation-block\"><strong>\u0130kinci Kat:<\/strong> En \u00fcst katta, sakinlik arayanlar i\u00e7in ideal, balkonlu bir yatak odas\u0131 ile huzurlu bir manzara sizi bekliyor. Geni\u015f banyosu da bu kat\u0131n tamamlay\u0131c\u0131 par\u00e7as\u0131.<\/li>\n\n\n\n<li class=\" translation-block\"><strong>Bodrum Kat:<\/strong> Bodrum kat\u0131, biri ebeveyn banyolu iki yatak odas\u0131 ve geni\u015f bir depo ile ek ya\u015fam alan\u0131 sunuyor. Bu \u00e7ok y\u00f6nl\u00fc alan, oyun odas\u0131, ev spor salonu veya \u015farap mahzeni olarak kullan\u0131labilir.<\/li>\n<\/ul>\n\n\n\n<p><strong>Konfor ve rahatl\u0131k her detayda:<\/strong><\/p>\n\n\n\n<ul class=\"wp-block-list\">\n<li class=\" translation-block\"><strong>Her odada klima:<\/strong> Y\u0131l\u0131n her mevsiminde ideal s\u0131cakl\u0131kta kal\u0131n.<\/li>\n\n\n\n<li class=\" translation-block\"><strong>Zahmetsiz ula\u015f\u0131m:<\/strong> Merkezi lokasyon ve \u00fccretsiz park yeriyle, villaya kolayca ula\u015f\u0131m sa\u011flay\u0131n.<\/li>\n\n\n\n<li class=\" translation-block\"><strong>Ki\u015fisel dokunu\u015flar:<\/strong> Oturma odas\u0131ndaki mobilyalar\u0131n\u0131z\u0131 de\u011fi\u015ftirmek mi istiyorsunuz? Sorun de\u011fil! Villa sahibiyle konu\u015farak, kendi zevkinizi yans\u0131tan yeni mobilyalar temin edebilirsiniz.<\/li>\n<\/ul>\n\n\n\n<h3 class=\"wp-block-heading\"><strong>G\u00f6cek'te Sizi Neler Bekliyor?<\/strong><\/h3>\n\n\n\n<ul class=\"wp-block-list\">\n<li class=\" translation-block\"><strong>Turkuaz sular ve yemye\u015fil da\u011flar:<\/strong> G\u00f6cek'in ola\u011fan\u00fcst\u00fc g\u00fczelli\u011fiyle kendinizi \u015f\u0131mart\u0131n. Gizli koylar\u0131 ke\u015ffedin, antik kal\u0131nt\u0131lar\u0131 gezin ve kendinizi T\u00fcrk mutfa\u011f\u0131n\u0131n e\u015fsiz lezzetlerine b\u0131rak\u0131n.<\/li>\n\n\n\n<li class=\" translation-block\"><strong>Sonsuz Aktiviteler:<\/strong> Ege Denizi'nde yelken a\u00e7mak, da\u011flarda trekking yapmak, G\u00f6cek pazarlar\u0131nda antika av\u0131na \u00e7\u0131kmak... G\u00f6cek, her zevke hitap eden se\u00e7enekler sunuyor.<\/li>\n<\/ul>\n\n\n\n<p class=\" translation-block\"><strong>Bu \u00f6zel villa, sadece bir evden ibaret de\u011fil. G\u00f6cek'in b\u00fcy\u00fcs\u00fcn\u00fc ya\u015faman\u0131z i\u00e7in bir davettir.<\/strong> Sevdiklerinizle birlikte, unutulmaz an\u0131lar biriktirmek i\u00e7in hemen bize ula\u015f\u0131n!<\/p>\n\n\n\n<p class=\" translation-block\">Bu f\u0131rsat\u0131 de\u011ferlendirmek ve araziyi ziyaret etmek i\u00e7in hemen bizimle <a href=\"https:\/\/gocekrentals.com\/contact\/\" target=\"_blank\" rel=\"noopener\" title=\"\">ileti\u015fim<\/a>e ge\u00e7in.<\/p>","protected":false},"excerpt":{"rendered":"<p>G\u00f6cek'in yama\u00e7 taraf\u0131nda, deniz manzaral\u0131, m\u00fcstakil villa. 6 yatak odas\u0131, 6 banyosu, geni\u015f bah\u00e7esi ve havuzu ile kalabal\u0131k aileler i\u00e7in ideal.<\/p>","protected":false},"author":1,"featured_media":23300,"parent":0,"menu_order":0,"template":"","property_type":[63],"property_status":[164,28],"property_feature":[12,90,16,147,93,163,159,156,157,52,92,60,64],"property_label":[96],"property_state":[78],"property_city":[79],"property_area":[80],"class_list":["post-23290","property","type-property","status-publish","has-post-thumbnail","hentry","property_type-villa","property_status-annually-rental","property_status-for-rent","property_feature-air-conditioning","property_feature-balcony","property_feature-barbeque","property_feature-dining-area","property_feature-en_suite","property_feature-fireplace","property_feature-pet-friendly","property_feature-pool-view","property_feature-private-garden","property_feature-refrigerator","property_feature-seaview","property_feature-swimming-pool","property_feature-washer","property_label-private","property_state-mugla","property_city-fethiye","property_area-gocek"],"aioseo_notices":[],"property_meta":{"_edit_lock":["1722606216:1"],"_last_editor_used_jetpack":["block-editor"],"_edit_last":["1"],"fave_property_price":["18000"],"fave_property_size":["220"],"fave_property_size_prefix":["Sqm"],"fave_property_land":["500"],"fave_property_land_postfix":["Sqm"],"fave_property_bedrooms":["6"],"fave_property_rooms":["2"],"fave_property_bathrooms":["6"],"fave_property_year":["2007"],"fave_guest":["12"],"fave_property_map":["1"],"fave_property_location":["36.76206119837,28.951749187054,18"],"houzez_geolocation_lat":["36.76206119837"],"houzez_geolocation_long":["28.951749187054"],"fave_property_map_street_view":["hide"],"fave_featured":["0"],"houzez_featured_listing_date":[""],"fave_loggedintoview":["0"],"fave_agent_display_option":["author_info"],"fave_prop_homeslider":["no"],"fave_single_top_area":["global"],"fave_single_content_area":["global"],"_aioseo_title":["#post_title"],"_aioseo_description":[null],"_aioseo_keywords":[""],"_aioseo_og_title":["#post_title"],"_aioseo_og_description":["#post_excerpt"],"_aioseo_og_article_section":[""],"_aioseo_og_article_tags":[""],"_aioseo_twitter_title":["#post_title"],"_aioseo_twitter_description":["#post_excerpt"],"houzez_manual_expire":["0"],"_houzez_expiration_date_status":["saved"],"fave_payment_status":["not_paid"],"_thumbnail_id":["23300"],"houzez_total_property_views":["1571"],"houzez_views_by_date":["a:61:{s:10:\"01-23-2026\";i:1;s:10:\"01-24-2026\";i:2;s:10:\"01-25-2026\";i:1;s:10:\"01-27-2026\";i:2;s:10:\"01-28-2026\";i:3;s:10:\"01-29-2026\";i:5;s:10:\"01-31-2026\";i:1;s:10:\"02-01-2026\";i:2;s:10:\"02-03-2026\";i:1;s:10:\"02-04-2026\";i:1;s:10:\"02-05-2026\";i:1;s:10:\"02-07-2026\";i:2;s:10:\"02-08-2026\";i:5;s:10:\"02-10-2026\";i:1;s:10:\"02-11-2026\";i:3;s:10:\"02-12-2026\";i:1;s:10:\"02-13-2026\";i:1;s:10:\"02-16-2026\";i:2;s:10:\"02-18-2026\";i:1;s:10:\"02-19-2026\";i:2;s:10:\"02-21-2026\";i:3;s:10:\"02-24-2026\";i:4;s:10:\"02-25-2026\";i:2;s:10:\"02-26-2026\";i:2;s:10:\"03-02-2026\";i:2;s:10:\"03-03-2026\";i:4;s:10:\"03-04-2026\";i:2;s:10:\"03-05-2026\";i:1;s:10:\"03-10-2026\";i:1;s:10:\"03-11-2026\";i:2;s:10:\"03-12-2026\";i:3;s:10:\"03-13-2026\";i:3;s:10:\"03-14-2026\";i:1;s:10:\"03-16-2026\";i:3;s:10:\"03-17-2026\";i:1;s:10:\"03-19-2026\";i:3;s:10:\"03-20-2026\";i:3;s:10:\"03-21-2026\";i:1;s:10:\"03-22-2026\";i:1;s:10:\"03-23-2026\";i:4;s:10:\"03-25-2026\";i:2;s:10:\"03-26-2026\";i:2;s:10:\"03-27-2026\";i:1;s:10:\"03-28-2026\";i:7;s:10:\"03-29-2026\";i:9;s:10:\"03-31-2026\";i:1;s:10:\"04-02-2026\";i:2;s:10:\"04-05-2026\";i:2;s:10:\"04-07-2026\";i:2;s:10:\"04-08-2026\";i:3;s:10:\"04-09-2026\";i:1;s:10:\"04-11-2026\";i:3;s:10:\"04-13-2026\";i:3;s:10:\"04-14-2026\";i:2;s:10:\"04-15-2026\";i:3;s:10:\"04-17-2026\";i:1;s:10:\"04-19-2026\";i:2;s:10:\"04-21-2026\";i:1;s:10:\"04-22-2026\";i:2;s:10:\"04-23-2026\";i:2;s:10:\"04-24-2026\";i:1;}"],"houzez_recently_viewed":["2026-04-24 21:27:39"],"_trp_translated_slug_tr_TR":["gocek-kiralik-villa-deniz-manzarasi"],"fave_property_images":["23301","23300","23299","23297","23298","23315","23316","23319","23314","23317","23318","23311","23302","23306","23307","23308","23310","23309","23303","23304","23305","23320","23324","23323","23322","23291","23292","23293","23294","23295","23296","23321","23312"]},"_links":{"self":[{"href":"https:\/\/gocekrentals.com\/tr\/wp-json\/wp\/v2\/properties\/23290","targetHints":{"allow":["GET"]}}],"collection":[{"href":"https:\/\/gocekrentals.com\/tr\/wp-json\/wp\/v2\/properties"}],"about":[{"href":"https:\/\/gocekrentals.com\/tr\/wp-json\/wp\/v2\/types\/property"}],"author":[{"embeddable":true,"href":"https:\/\/gocekrentals.com\/tr\/wp-json\/wp\/v2\/users\/1"}],"version-history":[{"count":0,"href":"https:\/\/gocekrentals.com\/tr\/wp-json\/wp\/v2\/properties\/23290\/revisions"}],"wp:featuredmedia":[{"embeddable":true,"href":"https:\/\/gocekrentals.com\/tr\/wp-json\/wp\/v2\/media\/23300"}],"wp:attachment":[{"href":"https:\/\/gocekrentals.com\/tr\/wp-json\/wp\/v2\/media?parent=23290"}],"wp:term":[{"taxonomy":"property_type","embeddable":true,"href":"https:\/\/gocekrentals.com\/tr\/wp-json\/wp\/v2\/property_type?post=23290"},{"taxonomy":"property_status","embeddable":true,"href":"https:\/\/gocekrentals.com\/tr\/wp-json\/wp\/v2\/property_status?post=23290"},{"taxonomy":"property_feature","embeddable":true,"href":"https:\/\/gocekrentals.com\/tr\/wp-json\/wp\/v2\/property_feature?post=23290"},{"taxonomy":"property_label","embeddable":true,"href":"https:\/\/gocekrentals.com\/tr\/wp-json\/wp\/v2\/property_label?post=23290"},{"taxonomy":"property_state","embeddable":true,"href":"https:\/\/gocekrentals.com\/tr\/wp-json\/wp\/v2\/property_state?post=23290"},{"taxonomy":"property_city","embeddable":true,"href":"https:\/\/gocekrentals.com\/tr\/wp-json\/wp\/v2\/property_city?post=23290"},{"taxonomy":"property_area","embeddable":true,"href":"https:\/\/gocekrentals.com\/tr\/wp-json\/wp\/v2\/property_area?post=23290"}],"curies":[{"name":"wp","href":"https:\/\/api.w.org\/{rel}","templated":true}]}}